{"id":7,"date":"2020-09-18T09:46:42","date_gmt":"2020-09-18T09:46:42","guid":{"rendered":"http:\/\/www.yuceuyanik.com\/?page_id=7"},"modified":"2020-10-04T16:21:00","modified_gmt":"2020-10-04T13:21:00","slug":"hakkimizda","status":"publish","type":"page","link":"http:\/\/www.yuceuyanik.com\/?page_id=7","title":{"rendered":"Hakk\u0131m\u0131zda"},"content":{"rendered":"\n<p>R. Y\u00fcce UYANIK<\/p>\n\n\n\n<p><\/p>\n\n\n\n<p>Galatasaray Lisesi ve Bo\u011fazi\u00e7i \u00dcniversitesi \u0130.\u0130:B.F. Ekonomi B\u00f6l\u00fcm\u00fc mezunudur (1987).<\/p>\n\n\n\n<p>Finans sekt\u00f6r\u00fcne&nbsp;<strong>\u0130ktisat Bankas\u0131 T.A.\u015e.&#8217;<\/strong>&nbsp;de management trainee olarak girmi\u015ftir. Dershane e\u011fitimi sonras\u0131nda 19 ay Karak\u00f6y \u015eubesi&#8217;nin ihracat, ithalat ve pazarlama departmanlar\u0131nda analist olarak g\u00f6rev yapm\u0131\u015ft\u0131r.<\/p>\n\n\n\n<p>1989 y\u0131l\u0131nda hen\u00fcz bir y\u0131ll\u0131k ge\u00e7mi\u015fe sahip&nbsp;<strong>\u0130ktisat Bankas\u0131 T.A.\u015e. Factoring Grubuna<\/strong>&nbsp;pazarlama yetkilisi olarak atanm\u0131\u015ft\u0131r. Daha sonra&nbsp;<strong>FactoFinans Alacak Al\u0131m\u0131 A.\u015e.<\/strong>&nbsp;ad\u0131yla \u015firketle\u015fmi\u015f olan Factoring grubundan 1993 y\u0131l\u0131nda ayr\u0131larak&nbsp;<strong>Fiba Factoring Hizmetleri A.\u015e.<\/strong>&#8216;ne pazarlama grup m\u00fcd\u00fcr\u00fc olarak ge\u00e7mi\u015ftir. 1995 y\u0131l\u0131nda&nbsp;<strong>Euro Factoring Alacak Al\u0131m\u0131 A.\u015e<\/strong>.&#8217;ne genel m\u00fcd\u00fcr yard\u0131mc\u0131s\u0131 ve vekili olarak atanm\u0131\u015f ve 1996 y\u0131l\u0131 ba\u015f\u0131nda genel m\u00fcd\u00fcrl\u00fc\u011fe terfi etmi\u015ftir. 31 May\u0131s 1998&#8217;de bu g\u00f6revinden ayr\u0131lm\u0131\u015ft\u0131r.<\/p>\n\n\n\n<p>Bu d\u00f6nemde 1996 y\u0131l\u0131ndaki i\u015flem kalitesi de\u011ferlendirmesine g\u00f6re, Euro Factoring 123 FCI \u00fcyesi \u015firket aras\u0131nda&nbsp;<strong>d\u00fcnyan\u0131n en iyi geli\u015fme g\u00f6steren ihracat faktoring \u015firketi<\/strong>&nbsp;\u00f6d\u00fcl\u00fcn\u00fc alm\u0131\u015ft\u0131r.<\/p>\n\n\n\n<p>15 Haziran 1998 tarihinde Ya\u015far Grubunda g\u00f6reve ba\u015flayan Y\u00fcce UYANIK,&nbsp;<strong>Ya\u015far Factoring Hizmetleri A.\u015e. ve Ya\u015far Finansal Kiralama A.\u015e<\/strong>.&#8217;de genel m\u00fcd\u00fcrl\u00fc\u011fe atanm\u0131\u015ft\u0131r. Bu \u015firketlerde \u00f6ncelikle personel i\u00e7i ileti\u015fim ve e\u011fitim konular\u0131na a\u011f\u0131rl\u0131k vermi\u015f ve \u00e7ok k\u0131sa bir s\u00fcrede Ya\u015far Factolease,&nbsp;<strong>personeli i\u015fine severek gelen mutlu bir \u00f6\u011frenen organizasyon<\/strong>&nbsp;haline d\u00f6n\u00fc\u015fm\u00fc\u015ft\u00fcr.1999 y\u0131l\u0131 sonunda Ya\u015farbank&#8217;\u0131n el de\u011fi\u015ftirmesi ile \u015firketlere m\u00fcdahalelerin artmas\u0131 \u00fczerine 14 Temmuz 2000 itibar\u0131yla bu g\u00f6revinden ayr\u0131lm\u0131\u015ft\u0131r. 2003 y\u0131l\u0131 ortalar\u0131na kadar Factofinans Alacak Al\u0131m\u0131 A.\u015e. ve Ya\u015far Factoring A.\u015e.\u2019de genel m\u00fcd\u00fcrl\u00fck yapan Y\u00fcce UYANIK \u00fccretli profesyonel ya\u015famdan ayr\u0131lma karar\u0131 vermi\u015f ve ideali olan e\u011fitim ve dan\u0131\u015fmanl\u0131k i\u015fine ba\u015flam\u0131\u015ft\u0131r.&nbsp;<\/p>\n\n\n\n<p>Y\u00fcce UYANIK finans sekt\u00f6r\u00fcne girdi\u011fi g\u00fcnlerden itibaren genel finans konular\u0131, kalite, sat\u0131\u015f, faktoring ve leasing \u00fczerine yurti\u00e7i ve yurtd\u0131\u015f\u0131nda kendi geli\u015fimne katk\u0131da bulunacak pek \u00e7ok mesleki e\u011fitim alm\u0131\u015ft\u0131r.&nbsp;<\/p>\n\n\n\n<p>1989 &#8211; 2008 y\u0131llar\u0131 aras\u0131nda Istanbul \u00dcniversitesi Yard\u0131mla\u015fma Vakf\u0131\u2019n\u0131n &#8220;<strong>\u0130hracat ve \u0130thalat Eleman\u0131 Yeti\u015ftirme Kursu<\/strong>&#8220;, &#8220;<strong>Y\u00f6neticiler \u0130\u00e7in Temel Finans<\/strong>&#8221; ve &#8220;<strong>Temel Analiz<\/strong>&#8221; programlar\u0131nda&nbsp;<strong>Faktoring, Forfaiting ve Leasing<\/strong>&nbsp;e\u011fitimleri vermi\u015ftir.<\/p>\n\n\n\n<p>E\u011fitim \u00e7al\u0131\u015fmalar\u0131n\u0131n ba\u015flad\u0131\u011f\u0131 1997 y\u0131l\u0131ndan itibaren&nbsp;<strong>&nbsp;<\/strong>Faktoring Derne\u011fi\u2019nin s\u0131ras\u0131yla&nbsp;<strong>e\u011fitim komitesi ba\u015fkanl\u0131\u011f\u0131 ve e\u011fitim dan\u0131\u015fmanl\u0131\u011f\u0131<\/strong>&nbsp;yapm\u0131\u015f, faktoringcilere temel ve detay e\u011fitimlerin haz\u0131rlanmas\u0131 ve verilmesinde aktif g\u00f6rev alm\u0131\u015ft\u0131r.&nbsp;<\/p>\n\n\n\n<p>Uluslararas\u0131 Faktoring kurallar\u0131n\u0131n detayl\u0131 incelenmesine y\u00f6nelik&nbsp;&nbsp;<strong>\u201cFAKTOR\u0130NG KURALLARI\u201d isimli kitab\u0131<\/strong>&nbsp;May\u0131s 2002\u2019de Faktoring Derne\u011fi taraf\u0131ndan yay\u0131mlanm\u0131\u015ft\u0131r. Y\u00fcce UYANIK, Ekim 2003\u2019te&nbsp;<strong>Factors Chain International\u2019in Hukuk Komitesine \u00fcye<\/strong>&nbsp;olarak atanm\u0131\u015f ve Uluslararas\u0131 Faktoring Kurallar\u0131n\u0131n d\u00fcnya \u00e7ap\u0131nda a\u00e7\u0131klanmas\u0131na y\u00f6nelik&nbsp; bir el kitab\u0131 ve seminer dok\u00fcmantasyonu haz\u0131rlanmas\u0131 ile g\u00f6revlendirilmi\u015ftir. 2005 &#8211; 2020 y\u0131llar\u0131 aras\u0131nda&nbsp;<strong>d\u00fcnyan\u0131n 14 kentinde<\/strong> d\u00fczenlenen&nbsp;<strong>FCI Hukuk Seminerlerinde<\/strong>&nbsp;konu\u015fmac\u0131 olarak g\u00f6rev alm\u0131\u015ft\u0131r.&nbsp;<\/p>\n\n\n\n<p>2005 y\u0131l\u0131nda yazm\u0131\u015f oldu\u011fu&nbsp;<strong>D\u0131\u015f Ticaret \u0130\u015flemleri ve Finansman\u0131&nbsp;<\/strong>isimli kitab\u0131<strong>&nbsp;Bo\u011fazi\u00e7i \u00dcniversitesi<\/strong>&nbsp;taraf\u0131ndan bas\u0131lm\u0131\u015ft\u0131r.<\/p>\n\n\n\n<p>&nbsp;Yukar\u0131daki g\u00f6revlerinin yan\u0131 s\u0131ra 2010 y\u0131l\u0131na kadar Brian Tracy International, T\u00fcrkiye\u2019de&nbsp;<strong>sat\u0131\u015f, sat\u0131\u015f y\u00f6netimi<\/strong>,&nbsp;<strong>ileti\u015fim ve ki\u015fisel geli\u015fim<\/strong>&nbsp;\u00fczerine&nbsp;<strong>e\u011fitim ve<\/strong>&nbsp;<strong>performans geli\u015ftirme dan\u0131\u015fmanl\u0131\u011f\u0131<\/strong>&nbsp;yapm\u0131\u015f ve bu tarihten itibaren Y\u00fcce UYANIK \u00d6zel E\u011fitim ve Dan\u0131\u015fmanl\u0131k Hizmetleri Ticaret Ltd. \u015eti b\u00fcnyesinde bu konularda yo\u011fun&nbsp;<strong>seminerler<\/strong>&nbsp;vermektedir.<\/p>\n\n\n\n<p>Part Time \u00d6\u011fretim g\u00f6revlisi olarak Bo\u011fazi\u00e7i \u00dcniversitesi (2000 &#8211; 2012) ve I\u015f\u0131k \u00dcniversitesi\u2019nde (2009 &#8211; &#8230;) uluslararas\u0131 ticaret, finans, muhasebe, lojistik ve sat\u0131\u015f konular\u0131nda dersler vermekte ve BUYEM ile \u00f6zel projeler ger\u00e7ekle\u015ftirmektedir.&nbsp;<\/p>\n\n\n\n<p>\u00c7e\u015fitli bankalara Faktoring, D\u0131\u015f Ticaret ve Finansman\u0131 ve sat\u0131\u015f ile ilgili seminerler vermi\u015ftir.<\/p>\n\n\n\n<p>2019 y\u0131l\u0131nda \u00d6zye\u011fin \u00dcniversitesinde \u00d6zel Hukuk Y\u00fcksek Lisans\u0131n\u0131 tamamlam\u0131\u015f ve tezi \u0130ki Fakt\u00f6rl\u00fc Uluslararas\u0131 Tam Hizmet Faktoringi ve T\u00fcrkiye Uygulamas\u0131ndaki Farkl\u0131l\u0131klar ad\u0131yla kitapla\u015ft\u0131r\u0131lm\u0131\u015ft\u0131r.<\/p>\n\n\n\n<p>Islami Uluslararas\u0131 Faktoring alan\u0131ndaki makaleleri d\u00fcnyan\u0131n \u00e7e\u015fitli kurulu\u015flar\u0131nca yay\u0131nlanm\u0131\u015f, makalelerinin birisi de \u00e7inceye \u00e7evrilmi\u015ftir. <\/p>\n\n\n\n<p>Uluslararas\u0131 faktoring kurallar\u0131na y\u00f6nelik olarak  yazd\u0131\u011f\u0131 &#8220;Understanding the General Rules for International Factoring: A Comprehensive Guide&#8221; isimli kitab\u0131 2020 y\u0131l\u0131 sonunda FCI taraf\u0131ndan yay\u0131nlanacakt\u0131r.<\/p>\n\n\n\n<div class=\"wp-block-buttons\">\n<div class=\"wp-block-button\"><a class=\"wp-block-button__link\">E\u011fitimlerim<\/a><\/div>\n\n\n\n<div class=\"wp-block-button\"><a class=\"wp-block-button__link\">Kitaplar\u0131m<\/a><\/div>\n\n\n\n<div class=\"wp-block-button\"><a class=\"wp-block-button__link\">Makalelerim<\/a><\/div>\n\n\n\n<div class=\"wp-block-button\"><a class=\"wp-block-button__link\" href=\"http:\/\/www.yuceuyanik.com\/?page_id=165\" target=\"_blank\" rel=\"noreferrer noopener\">\u015eirket Ge\u00e7mi\u015fi<\/a><\/div>\n\n\n\n<div class=\"wp-block-button\"><a class=\"wp-block-button__link\"><\/a><\/div>\n<\/div>\n\n\n\n<p><\/p>\n","protected":false},"excerpt":{"rendered":"<p>R. Y\u00fcce UYANIK Galatasaray Lisesi ve Bo\u011fazi\u00e7i \u00dcniversitesi \u0130.\u0130:B.F. Ekonomi B\u00f6l\u00fcm\u00fc mezunudur (1987). Finans sekt\u00f6r\u00fcne&nbsp;\u0130ktisat Bankas\u0131 T.A.\u015e.&#8217;&nbsp;de management trainee olarak girmi\u015ftir. Dershane e\u011fitimi sonras\u0131nda 19 ay Karak\u00f6y \u015eubesi&#8217;nin ihracat, ithalat ve pazarlama departmanlar\u0131nda analist olarak g\u00f6rev yapm\u0131\u015ft\u0131r. 1989 y\u0131l\u0131nda hen\u00fcz bir y\u0131ll\u0131k ge\u00e7mi\u015fe sahip&nbsp;\u0130ktisat Bankas\u0131 T.A.\u015e. Factoring Grubuna&nbsp;pazarlama yetkilisi olarak atanm\u0131\u015ft\u0131r. Daha sonra&nbsp;FactoFinans Alacak Al\u0131m\u0131 [&hellip;]<\/p>\n","protected":false},"author":1,"featured_media":0,"parent":0,"menu_order":0,"comment_status":"closed","ping_status":"closed","template":"","meta":{"_bbp_topic_count":0,"_bbp_reply_count":0,"_bbp_total_topic_count":0,"_bbp_total_reply_count":0,"_bbp_voice_count":0,"_bbp_anonymous_reply_count":0,"_bbp_topic_count_hidden":0,"_bbp_reply_count_hidden":0,"_bbp_forum_subforum_count":0},"_links":{"self":[{"href":"http:\/\/www.yuceuyanik.com\/index.php?rest_route=\/wp\/v2\/pages\/7"}],"collection":[{"href":"http:\/\/www.yuceuyanik.com\/index.php?rest_route=\/wp\/v2\/pages"}],"about":[{"href":"http:\/\/www.yuceuyanik.com\/index.php?rest_route=\/wp\/v2\/types\/page"}],"author":[{"embeddable":true,"href":"http:\/\/www.yuceuyanik.com\/index.php?rest_route=\/wp\/v2\/users\/1"}],"replies":[{"embeddable":true,"href":"http:\/\/www.yuceuyanik.com\/index.php?rest_route=%2Fwp%2Fv2%2Fcomments&post=7"}],"version-history":[{"count":6,"href":"http:\/\/www.yuceuyanik.com\/index.php?rest_route=\/wp\/v2\/pages\/7\/revisions"}],"predecessor-version":[{"id":167,"href":"http:\/\/www.yuceuyanik.com\/index.php?rest_route=\/wp\/v2\/pages\/7\/revisions\/167"}],"wp:attachment":[{"href":"http:\/\/www.yuceuyanik.com\/index.php?rest_route=%2Fwp%2Fv2%2Fmedia&parent=7"}],"curies":[{"name":"wp","href":"https:\/\/api.w.org\/{rel}","templated":true}]}}